{"id":143,"date":"2023-11-16T10:25:49","date_gmt":"2023-11-16T15:25:49","guid":{"rendered":"https:\/\/uretalanda.com\/?page_id=143"},"modified":"2023-11-16T16:12:35","modified_gmt":"2023-11-16T21:12:35","slug":"tarifas","status":"publish","type":"page","link":"https:\/\/uretalanda.com\/en\/tarifas\/","title":{"rendered":"Tarifas"},"content":{"rendered":"<div data-elementor-type=\"wp-page\" data-elementor-id=\"143\" class=\"elementor elementor-143\" data-elementor-post-type=\"page\">\n\t\t\t\t\t\t<section class=\"elementor-section elementor-top-section elementor-element elementor-element-423da46 elementor-section-boxed elementor-section-height-default elementor-section-height-default\" data-id=\"423da46\" data-element_type=\"section\" data-e-type=\"section\">\n\t\t\t\t\t\t<div class=\"elementor-container elementor-column-gap-default\">\n\t\t\t\t\t<div class=\"elementor-column elementor-col-100 elementor-top-column elementor-element elementor-element-3a42aff\" data-id=\"3a42aff\" data-element_type=\"column\" data-e-type=\"column\" data-settings=\"{&quot;background_background&quot;:&quot;classic&quot;}\">\n\t\t\t<div class=\"elementor-widget-wrap elementor-element-populated\">\n\t\t\t\t\t<div class=\"elementor-background-overlay\"><\/div>\n\t\t\t\t\t\t<div class=\"elementor-element elementor-element-6c89ae2 elementor-invisible elementor-widget elementor-widget-heading\" data-id=\"6c89ae2\" data-element_type=\"widget\" data-e-type=\"widget\" data-settings=\"{&quot;_animation&quot;:&quot;slideInUp&quot;}\" data-widget_type=\"heading.default\">\n\t\t\t\t<div class=\"elementor-widget-container\">\n\t\t\t\t\t<h1 class=\"elementor-heading-title elementor-size-default\">Tarifas<\/h1>\t\t\t\t<\/div>\n\t\t\t\t<\/div>\n\t\t\t\t\t<\/div>\n\t\t<\/div>\n\t\t\t\t\t<\/div>\n\t\t<\/section>\n\t\t<div class=\"elementor-element elementor-element-a6180f4 e-flex e-con-boxed e-con e-parent\" data-id=\"a6180f4\" data-element_type=\"container\" data-e-type=\"container\">\n\t\t\t\t\t<div class=\"e-con-inner\">\n\t\t<div class=\"elementor-element elementor-element-643d28a e-con-full e-flex e-con e-child\" data-id=\"643d28a\" data-element_type=\"container\" data-e-type=\"container\">\n\t\t\t\t<div class=\"elementor-element elementor-element-05fb439 elementor-widget elementor-widget-text-editor\" data-id=\"05fb439\" data-element_type=\"widget\" data-e-type=\"widget\" data-widget_type=\"text-editor.default\">\n\t\t\t\t<div class=\"elementor-widget-container\">\n\t\t\t\t\t\t\t\t\t<div id=\"texto2\">\n<table class=\"flotar\" border=\"0\" width=\"50%\" cellspacing=\"1\" cellpadding=\"0\">\n<tbody>\n<tr>\n<th scope=\"col\" width=\"47%\"><\/th>\n<th scope=\"col\" width=\"18%\">T.A.<\/th>\n<th scope=\"col\" width=\"16%\">T.B.<\/th>\n<th scope=\"col\" width=\"19%\">Plazas<\/th>\n<\/tr>\n<tr>\n<th scope=\"row\">Estudio 01 Haltzadi<\/th>\n<td>110\u20ac<\/td>\n<td>90\u20ac<\/td>\n<td>2<\/td>\n<\/tr>\n<tr>\n<th scope=\"row\">Estudio 11 Sarasti<\/th>\n<td>110\u20ac<\/td>\n<td>90\u20ac<\/td>\n<td>2<\/td>\n<\/tr>\n<tr>\n<th scope=\"row\">Estudio 12 Gorostidi<\/th>\n<td>110\u20ac<\/td>\n<td>90\u20ac<\/td>\n<td>2<\/td>\n<\/tr>\n<tr>\n<th scope=\"row\">Estudio 13 Leizardi<\/th>\n<td>135\u20ac<\/td>\n<td>110\u20ac<\/td>\n<td>2<\/td>\n<\/tr>\n<tr>\n<th scope=\"row\">Estudio 21 Hurresti<\/th>\n<td>90\u20ac<\/td>\n<td>80\u20ac<\/td>\n<td>2<\/td>\n<\/tr>\n<tr>\n<th scope=\"row\">Estudio 22 Artadi<\/th>\n<td>110\u20ac<\/td>\n<td>90\u20ac<\/td>\n<td>2<\/td>\n<\/tr>\n<tr>\n<th scope=\"row\">Estudio 23 Haresti<\/th>\n<td>110\u20ac<\/td>\n<td>90\u20ac<\/td>\n<td>2<\/td>\n<\/tr>\n<tr>\n<th scope=\"row\">Estudio 24 Urkidi<\/th>\n<td>135\u20ac<\/td>\n<td>110\u20ac<\/td>\n<td>2<\/td>\n<\/tr>\n<\/tbody>\n<\/table>\n<div id=\"tarifas\">\n\n<\/div>\n<\/div>\t\t\t\t\t\t\t\t<\/div>\n\t\t\t\t<\/div>\n\t\t\t\t<\/div>\n\t\t<div class=\"elementor-element elementor-element-bb58d79 e-con-full e-flex e-con e-child\" data-id=\"bb58d79\" data-element_type=\"container\" data-e-type=\"container\">\n\t\t<div class=\"elementor-element elementor-element-fa07f80 e-con-full e-flex e-con e-child\" data-id=\"fa07f80\" data-element_type=\"container\" data-e-type=\"container\" data-settings=\"{&quot;background_background&quot;:&quot;classic&quot;}\">\n\t\t\t\t<div class=\"elementor-element elementor-element-47b0661 elementor-widget elementor-widget-text-editor\" data-id=\"47b0661\" data-element_type=\"widget\" data-e-type=\"widget\" data-widget_type=\"text-editor.default\">\n\t\t\t\t<div class=\"elementor-widget-container\">\n\t\t\t\t\t\t\t\t\tSof\u00e1-cama: 20 \u20ac<br>\nCuna: 10 \u20ac<br>\nDesayuno Continental: 6 \u20ac\t\t\t\t\t\t\t\t<\/div>\n\t\t\t\t<\/div>\n\t\t\t\t<\/div>\n\t\t\t\t<\/div>\n\t\t\t\t\t<\/div>\n\t\t\t\t<\/div>\n\t\t<div class=\"elementor-element elementor-element-bcee8e7 e-flex e-con-boxed e-con e-parent\" data-id=\"bcee8e7\" data-element_type=\"container\" data-e-type=\"container\">\n\t\t\t\t\t<div class=\"e-con-inner\">\n\t\t\t\t<div class=\"elementor-element elementor-element-41fb35d elementor-widget elementor-widget-text-editor\" data-id=\"41fb35d\" data-element_type=\"widget\" data-e-type=\"widget\" data-widget_type=\"text-editor.default\">\n\t\t\t\t<div class=\"elementor-widget-container\">\n\t\t\t\t\t\t\t\t\t<p>Precios en r\u00e9gimen de alojamiento por apartamento para dos personas con el 10% de IVA incluido.<\/p><p>Se solicitar\u00e1 un prepago del 50 % del total de la estancia\u00a0 para garantizar la reserva.<\/p><p>Se realizar\u00e1 mediante cargo en tarjeta de cr\u00e9dito indicando numeraci\u00f3n, titular y fecha de caducidad de la misma, as\u00ed como el n\u00famero de tel\u00e9fono de contacto con la persona que hace la reserva. Tambi\u00e9n se podr\u00e1 hacer por trasferencia bancaria. Los costes la transferencia o tarjeta son por cuenta del cliente<\/p><p>La reserva ser\u00e1 efectiva cuando Ureta landa A.T. tenga en su haber el pago del 50% de la estancia solicitada lo que se le comunicar\u00e1 v\u00eda llamada telef\u00f3nica o v\u00eda\u00a0 mail.<\/p><p>Las entradas ser\u00e1n de 16 a 20 horas\u00a0 y las salidas antes de las 12 del mediod\u00eda. A la entrada se les cobrar\u00e1 el 50% restante de la estancia y se les entregar\u00e1 un listado de elementos y existencias y se les solicitar\u00e1 una fianza de 100 \u20ac que se les devolver\u00e1 a\u00a0 la salida tras comprobaci\u00f3n del inventario, limpieza y posibles desperfectos.<\/p>\t\t\t\t\t\t\t\t<\/div>\n\t\t\t\t<\/div>\n\t\t\t\t\t<\/div>\n\t\t\t\t<\/div>\n\t\t<div class=\"elementor-element elementor-element-6486348 e-flex e-con-boxed e-con e-parent\" data-id=\"6486348\" data-element_type=\"container\" data-e-type=\"container\">\n\t\t\t\t\t<div class=\"e-con-inner\">\n\t\t\t\t<div class=\"elementor-element elementor-element-4049a14 elementor-widget elementor-widget-heading\" data-id=\"4049a14\" data-element_type=\"widget\" data-e-type=\"widget\" data-widget_type=\"heading.default\">\n\t\t\t\t<div class=\"elementor-widget-container\">\n\t\t\t\t\t<h2 class=\"elementor-heading-title elementor-size-default\">CONDICIONES ESPECIALES<\/h2>\t\t\t\t<\/div>\n\t\t\t\t<\/div>\n\t\t<div class=\"elementor-element elementor-element-9401df1 e-flex e-con-boxed e-con e-child\" data-id=\"9401df1\" data-element_type=\"container\" data-e-type=\"container\">\n\t\t\t\t\t<div class=\"e-con-inner\">\n\t\t\t\t<div class=\"elementor-element elementor-element-be559f2 elementor-widget elementor-widget-text-editor\" data-id=\"be559f2\" data-element_type=\"widget\" data-e-type=\"widget\" data-widget_type=\"text-editor.default\">\n\t\t\t\t<div class=\"elementor-widget-container\">\n\t\t\t\t\t\t\t\t\t<p>Para empresas, ikastolas, colegios, euskaltegis, organismos etc. se hacen precios especiales.<\/p><p>Precios especiales por estancias de semana o de fin de semana completo.<\/p><p>Temporada Alta: Semana Santa, Puentes, 15 de junio a 15 de septiembre y 15 de diciembre 10 de enero.<\/p><p>Temporada baja: resto del a\u00f1o<\/p><p>Cierre de vacaciones: 11 de enero\u00a0 15 de febrero<\/p>\t\t\t\t\t\t\t\t<\/div>\n\t\t\t\t<\/div>\n\t\t\t\t\t<\/div>\n\t\t\t\t<\/div>\n\t\t\t\t\t<\/div>\n\t\t\t\t<\/div>\n\t\t<div class=\"elementor-element elementor-element-72fe09b e-flex e-con-boxed e-con e-parent\" data-id=\"72fe09b\" data-element_type=\"container\" data-e-type=\"container\">\n\t\t\t\t\t<div class=\"e-con-inner\">\n\t\t\t\t<div class=\"elementor-element elementor-element-470c796 elementor-widget elementor-widget-heading\" data-id=\"470c796\" data-element_type=\"widget\" data-e-type=\"widget\" data-widget_type=\"heading.default\">\n\t\t\t\t<div class=\"elementor-widget-container\">\n\t\t\t\t\t<h2 class=\"elementor-heading-title elementor-size-default\">CANCELACIONES<\/h2>\t\t\t\t<\/div>\n\t\t\t\t<\/div>\n\t\t<div class=\"elementor-element elementor-element-beba5d1 e-flex e-con-boxed e-con e-child\" data-id=\"beba5d1\" data-element_type=\"container\" data-e-type=\"container\">\n\t\t\t\t\t<div class=\"e-con-inner\">\n\t\t\t\t<div class=\"elementor-element elementor-element-c416a27 elementor-widget elementor-widget-text-editor\" data-id=\"c416a27\" data-element_type=\"widget\" data-e-type=\"widget\" data-widget_type=\"text-editor.default\">\n\t\t\t\t<div class=\"elementor-widget-container\">\n\t\t\t\t\t\t\t\t\t<p>Para reservas inferiores a 4 d\u00edas hasta 7 d\u00edas antes de la llegada prevista. Para reservas de m\u00e1s d\u00edas con 15 d\u00edas de antelaci\u00f3n.<\/p><p>La cancelaci\u00f3n de la reserva deber\u00e1 de ser comunicada mediante tel\u00e9fono o email indicando el n\u00famero de referencia de la\u00a0 reserva.<\/p><p>En caso de realizarla en las condiciones indicadas se efectuar\u00e1 la devoluci\u00f3n del dep\u00f3sito v\u00eda tarjeta de cr\u00e9dito.<\/p><p>Fuera de los plazos indicados no habr\u00e1 devoluci\u00f3n del dep\u00f3sito realizado.<\/p>\t\t\t\t\t\t\t\t<\/div>\n\t\t\t\t<\/div>\n\t\t\t\t\t<\/div>\n\t\t\t\t<\/div>\n\t\t\t\t\t<\/div>\n\t\t\t\t<\/div>\n\t\t<div class=\"elementor-element elementor-element-c391afb e-flex e-con-boxed e-con e-parent\" data-id=\"c391afb\" data-element_type=\"container\" data-e-type=\"container\">\n\t\t\t\t\t<div class=\"e-con-inner\">\n\t\t\t\t<div class=\"elementor-element elementor-element-b0ff768 elementor-widget elementor-widget-heading\" data-id=\"b0ff768\" data-element_type=\"widget\" data-e-type=\"widget\" data-widget_type=\"heading.default\">\n\t\t\t\t<div class=\"elementor-widget-container\">\n\t\t\t\t\t<h2 class=\"elementor-heading-title elementor-size-default\">ALQUILER TXOKO GASTRON\u00d3MICO<\/h2>\t\t\t\t<\/div>\n\t\t\t\t<\/div>\n\t\t<div class=\"elementor-element elementor-element-8086c5e e-flex e-con-boxed e-con e-child\" data-id=\"8086c5e\" data-element_type=\"container\" data-e-type=\"container\">\n\t\t\t\t\t<div class=\"e-con-inner\">\n\t\t\t\t<div class=\"elementor-element elementor-element-38489a1 elementor-widget elementor-widget-text-editor\" data-id=\"38489a1\" data-element_type=\"widget\" data-e-type=\"widget\" data-widget_type=\"text-editor.default\">\n\t\t\t\t<div class=\"elementor-widget-container\">\n\t\t\t\t\t\t\t\t\t<p>Para reservas inferiores a 4 d\u00edas hasta 7 d\u00edas antes de la llegada prevista. Para reservas de m\u00e1s d\u00edas con 15 d\u00edas de antelaci\u00f3n.<\/p><p>La cancelaci\u00f3n de la reserva deber\u00e1 de ser comunicada mediante tel\u00e9fono o email indicando el n\u00famero de referencia de la\u00a0 reserva.<\/p><p>En caso de realizarla en las condiciones indicadas se efectuar\u00e1 la devoluci\u00f3n del dep\u00f3sito v\u00eda tarjeta de cr\u00e9dito.<\/p><p>Fuera de los plazos indicados no habr\u00e1 devoluci\u00f3n del dep\u00f3sito realizado.<\/p>\t\t\t\t\t\t\t\t<\/div>\n\t\t\t\t<\/div>\n\t\t\t\t\t<\/div>\n\t\t\t\t<\/div>\n\t\t\t\t\t<\/div>\n\t\t\t\t<\/div>\n\t\t<div class=\"elementor-element elementor-element-6302541 e-flex e-con-boxed e-con e-parent\" data-id=\"6302541\" data-element_type=\"container\" data-e-type=\"container\">\n\t\t\t\t\t<div class=\"e-con-inner\">\n\t\t\t\t<div class=\"elementor-element elementor-element-1ab5e7d elementor-widget elementor-widget-heading\" data-id=\"1ab5e7d\" data-element_type=\"widget\" data-e-type=\"widget\" data-widget_type=\"heading.default\">\n\t\t\t\t<div class=\"elementor-widget-container\">\n\t\t\t\t\t<h2 class=\"elementor-heading-title elementor-size-default\">Comidas\/Celebraciones\/Presentaciones<\/h2>\t\t\t\t<\/div>\n\t\t\t\t<\/div>\n\t\t\t\t\t<\/div>\n\t\t\t\t<\/div>\n\t\t<div class=\"elementor-element elementor-element-637459a e-flex e-con-boxed e-con e-child\" data-id=\"637459a\" data-element_type=\"container\" data-e-type=\"container\">\n\t\t\t\t\t<div class=\"e-con-inner\">\n\t\t\t\t<div class=\"elementor-element elementor-element-e9f9d19 elementor-widget elementor-widget-text-editor\" data-id=\"e9f9d19\" data-element_type=\"widget\" data-e-type=\"widget\" data-widget_type=\"text-editor.default\">\n\t\t\t\t<div class=\"elementor-widget-container\">\n\t\t\t\t\t\t\t\t\t<p>Para reservas inferiores a 4 d\u00edas hasta 7 d\u00edas antes de la llegada prevista. Para reservas de m\u00e1s d\u00edas con 15 d\u00edas de antelaci\u00f3n.<\/p><p>La cancelaci\u00f3n de la reserva deber\u00e1 de ser comunicada mediante tel\u00e9fono o email indicando el n\u00famero de referencia de la\u00a0 reserva.<\/p><p>En caso de realizarla en las condiciones indicadas se efectuar\u00e1 la devoluci\u00f3n del dep\u00f3sito v\u00eda tarjeta de cr\u00e9dito.<\/p><p>Fuera de los plazos indicados no habr\u00e1 devoluci\u00f3n del dep\u00f3sito realizado.<\/p>\t\t\t\t\t\t\t\t<\/div>\n\t\t\t\t<\/div>\n\t\t\t\t\t<\/div>\n\t\t\t\t<\/div>\n\t\t<div class=\"elementor-element elementor-element-a573b27 e-flex e-con-boxed e-con e-parent\" data-id=\"a573b27\" data-element_type=\"container\" data-e-type=\"container\">\n\t\t\t\t\t<div class=\"e-con-inner\">\n\t\t\t\t<div class=\"elementor-element elementor-element-0071d1b elementor-widget elementor-widget-heading\" data-id=\"0071d1b\" data-element_type=\"widget\" data-e-type=\"widget\" data-widget_type=\"heading.default\">\n\t\t\t\t<div class=\"elementor-widget-container\">\n\t\t\t\t\t<h2 class=\"elementor-heading-title elementor-size-default\">Horarios<\/h2>\t\t\t\t<\/div>\n\t\t\t\t<\/div>\n\t\t\t\t\t<\/div>\n\t\t\t\t<\/div>\n\t\t<div class=\"elementor-element elementor-element-a904138 e-flex e-con-boxed e-con e-child\" data-id=\"a904138\" data-element_type=\"container\" data-e-type=\"container\">\n\t\t\t\t\t<div class=\"e-con-inner\">\n\t\t\t\t<div class=\"elementor-element elementor-element-354f49e elementor-widget elementor-widget-text-editor\" data-id=\"354f49e\" data-element_type=\"widget\" data-e-type=\"widget\" data-widget_type=\"text-editor.default\">\n\t\t\t\t<div class=\"elementor-widget-container\">\n\t\t\t\t\t\t\t\t\t<p>De 11:00 de la ma\u00f1ana a 19:00 horas. En caso de quedarse m\u00e1s tiempo la tarifa a pagar ser\u00e1 de 120 \u20ac, y de 12 \u20ac por persona a partir de 10 personas. En todo caso la hora tope de salida ser\u00e1 las 23:00 horas<\/p>\t\t\t\t\t\t\t\t<\/div>\n\t\t\t\t<\/div>\n\t\t\t\t\t<\/div>\n\t\t\t\t<\/div>\n\t\t<div class=\"elementor-element elementor-element-c289dbd e-flex e-con-boxed e-con e-parent\" data-id=\"c289dbd\" data-element_type=\"container\" data-e-type=\"container\">\n\t\t\t\t\t<div class=\"e-con-inner\">\n\t\t\t\t<div class=\"elementor-element elementor-element-77bb915 elementor-widget elementor-widget-heading\" data-id=\"77bb915\" data-element_type=\"widget\" data-e-type=\"widget\" data-widget_type=\"heading.default\">\n\t\t\t\t<div class=\"elementor-widget-container\">\n\t\t\t\t\t<h2 class=\"elementor-heading-title elementor-size-default\">Reservas<\/h2>\t\t\t\t<\/div>\n\t\t\t\t<\/div>\n\t\t\t\t\t<\/div>\n\t\t\t\t<\/div>\n\t\t<div class=\"elementor-element elementor-element-dc49473 e-flex e-con-boxed e-con e-child\" data-id=\"dc49473\" data-element_type=\"container\" data-e-type=\"container\">\n\t\t\t\t\t<div class=\"e-con-inner\">\n\t\t\t\t<div class=\"elementor-element elementor-element-27fe9d9 elementor-widget elementor-widget-text-editor\" data-id=\"27fe9d9\" data-element_type=\"widget\" data-e-type=\"widget\" data-widget_type=\"text-editor.default\">\n\t\t\t\t<div class=\"elementor-widget-container\">\n\t\t\t\t\t\t\t\t\t<p>La reserva ser\u00e1 efectiva cuando el prepago correspondiente al 50% del alquiler de todos los comensales est\u00e1 en el haber de URETA Landa A.T. El 50% restante se pagar\u00e1 a la entrada del txoko a la vez que los productos que se hayan convenido en el momento de la reserva.<\/p><p>A la entrada se les entregar\u00e1 un listado de elementos y existencias que se ponen a su disposici\u00f3n y se les solicitar\u00e1 una fianza de 100 \u20ac que se les devolver\u00e1 a la salida tras la comprobaci\u00f3n del inventario, la limpieza y posibles desperfectos.<\/p><p>Las cancelaciones habr\u00e1n de realizarse como m\u00ednimo con 10 d\u00edas de antelaci\u00f3n y deber\u00e1 de ser comunicada mediante tel\u00e9fono o mail indicando el n\u00famero de referencia de la reserva.<\/p><p>En caso de realizarla en las condiciones indicadas se efectuar\u00e1 la devoluci\u00f3n del dep\u00f3sito realizado.<\/p>\t\t\t\t\t\t\t\t<\/div>\n\t\t\t\t<\/div>\n\t\t\t\t\t<\/div>\n\t\t\t\t<\/div>\n\t\t<div class=\"elementor-element elementor-element-4d3b010 e-flex e-con-boxed e-con e-parent\" data-id=\"4d3b010\" data-element_type=\"container\" data-e-type=\"container\">\n\t\t\t\t\t<div class=\"e-con-inner\">\n\t\t\t\t<div class=\"elementor-element elementor-element-b3a36d7 elementor-widget elementor-widget-heading\" data-id=\"b3a36d7\" data-element_type=\"widget\" data-e-type=\"widget\" data-widget_type=\"heading.default\">\n\t\t\t\t<div class=\"elementor-widget-container\">\n\t\t\t\t\t<h2 class=\"elementor-heading-title elementor-size-default\">OTROS SERVICIOS<\/h2>\t\t\t\t<\/div>\n\t\t\t\t<\/div>\n\t\t<div class=\"elementor-element elementor-element-8b2a50e e-flex e-con-boxed e-con e-child\" data-id=\"8b2a50e\" data-element_type=\"container\" data-e-type=\"container\">\n\t\t\t\t\t<div class=\"e-con-inner\">\n\t\t\t\t<div class=\"elementor-element elementor-element-7d614c8 elementor-widget elementor-widget-text-editor\" data-id=\"7d614c8\" data-element_type=\"widget\" data-e-type=\"widget\" data-widget_type=\"text-editor.default\">\n\t\t\t\t<div class=\"elementor-widget-container\">\n\t\t\t\t\t\t\t\t\t<p>Desayuno optativo de 9:00 a 10:30 en el Txoko o en el parrape.<\/p><p>Lavado de ropa.<\/p><p>Tramitaci\u00f3n de solicitudes para la asistencia a las actividades del entorno o a las programaciones culturales<\/p>\t\t\t\t\t\t\t\t<\/div>\n\t\t\t\t<\/div>\n\t\t\t\t\t<\/div>\n\t\t\t\t<\/div>\n\t\t\t\t\t<\/div>\n\t\t\t\t<\/div>\n\t\t\t\t<\/div>","protected":false},"excerpt":{"rendered":"<p>Tarifas T.A. T.B. Plazas Estudio 01 Haltzadi 110\u20ac 90\u20ac 2 Estudio 11 Sarasti 110\u20ac 90\u20ac 2 Estudio 12 Gorostidi 110\u20ac 90\u20ac 2 Estudio 13 Leizardi 135\u20ac 110\u20ac 2 Estudio 21 Hurresti 90\u20ac 80\u20ac 2 Estudio 22 Artadi 110\u20ac 90\u20ac 2 Estudio 23 Haresti 110\u20ac 90\u20ac 2 Estudio 24 Urkidi 135\u20ac 110\u20ac 2 Sof\u00e1-cama: 20 \u20ac [&hellip;]<\/p>\n","protected":false},"author":2,"featured_media":0,"parent":0,"menu_order":0,"comment_status":"closed","ping_status":"closed","template":"","meta":{"footnotes":""},"class_list":["post-143","page","type-page","status-publish","hentry"],"_links":{"self":[{"href":"https:\/\/uretalanda.com\/en\/wp-json\/wp\/v2\/pages\/143","targetHints":{"allow":["GET"]}}],"collection":[{"href":"https:\/\/uretalanda.com\/en\/wp-json\/wp\/v2\/pages"}],"about":[{"href":"https:\/\/uretalanda.com\/en\/wp-json\/wp\/v2\/types\/page"}],"author":[{"embeddable":true,"href":"https:\/\/uretalanda.com\/en\/wp-json\/wp\/v2\/users\/2"}],"replies":[{"embeddable":true,"href":"https:\/\/uretalanda.com\/en\/wp-json\/wp\/v2\/comments?post=143"}],"version-history":[{"count":64,"href":"https:\/\/uretalanda.com\/en\/wp-json\/wp\/v2\/pages\/143\/revisions"}],"predecessor-version":[{"id":803,"href":"https:\/\/uretalanda.com\/en\/wp-json\/wp\/v2\/pages\/143\/revisions\/803"}],"wp:attachment":[{"href":"https:\/\/uretalanda.com\/en\/wp-json\/wp\/v2\/media?parent=143"}],"curies":[{"name":"wp","href":"https:\/\/api.w.org\/{rel}","templated":true}]}}